{"id":8553,"date":"2019-10-04T17:23:56","date_gmt":"2019-10-04T17:23:56","guid":{"rendered":"https:\/\/demos.wolfthemes.com\/herion\/?page_id=8553"},"modified":"2021-08-18T07:49:25","modified_gmt":"2021-08-18T05:49:25","slug":"biografia","status":"publish","type":"page","link":"https:\/\/old.peterlipa.com\/en\/biografia\/","title":{"rendered":"Biography"},"content":{"rendered":"<div  data-font-color=\"dark\" class=\"wvc-clearfix  wvc-row wvc-parent-row wvc-row-width-wide wvc-row-layout-column wvc-video-bg-is-mute wvc-row-bg-effect-none wvc-row-bg-default wvc-font-dark wvc-border-color-none wvc-background-color-default wvc-row-content-placement-default wvc-row-columns-placement-default section\" style=\"\"><div class=\"wvc-row-wrapper wvc-row-wrapper-width-standard wvc-row-column-equal-height-no\" style=\"\"><div class=\"wvc-row-content\"><div class=\"wvc-columns-container\" style=\"\"><div id=\"wvc-col-1644\" class=\"wvc-col-6 wvc-column wvc-column-content-placement-default wvc-column-content-type-default wvc-column-content-alignment-center wvc-column-text-alignment-default\" data-base-width-int=\"6\" style=\"\" data-aos=\"fade-left\" data-aos-once=\"true\"><div class=\"wvc-column-container wvc-column-bg-default wvc-column-bg-effect-none wvc-font-inherit wvc-column-font-inherit wvc-column-style-none wvc-border-color-none wvc-background-color-default\" style=\"\"><div class=\"wvc-column-inner\"><div class=\"wvc-column-wrapper wpb_wrapper\" style=\"\"><div class=\"wvc-custom-heading wvc-element wvc-text-align-left\" style=\"opacity:0.3;margin-bottom:-20px;\"><p style=\"font-size:95px;font-weight:400;letter-spacing:0;text-align:left;line-height:1.5;font-family:HarleyStyle;\" class=\"wvc-mobile-text-align- wvc-text-color-default\"\n\t\tdata-heading-text=\"Peter Lipa\"\n\t\tdata-max-font-size=\"95\"\n\t\tdata-min-font-size=\"18\">Peter Lipa<\/p><\/div><div class=\"wvc-custom-heading wvc-element wvc-text-align-left\" style=\"\"><h2 style=\"font-size:25px;text-align:left;line-height:1.5;\" class=\"wvc-mobile-text-align- wvc-text-color-default\"\n\t\tdata-heading-text=\"Jazz &amp; Blues spev\u00e1k\"\n\t\tdata-max-font-size=\"25\"\n\t\tdata-min-font-size=\"18\">Jazz &amp; Blues singer<\/h2><\/div><div class=\"wvc-text-block wvc-clearfix wvc-element wvc-mobile-text-align-\" style=\"\"><div class=\"wbp_wrapper\"><h3 id=\"SubTitle_idm73\" class=\"SubTitle align-left\">Peter Lipa is the most significant<br class=\"one-br\" \/>personality of Slovak jazz scene.<\/h3>\n<p>Peter Lipa (1943) is the most important personality of the Slovak jazz scene. He created a distinctive vocal performance with an emphasis on lyrics. His music comes from a combination of jazz and blues influenced by  singers like Jimmy Rushing, Ray Charles, Al Jarreau, Joe Cocker or Bobby McFerrin. He was the first singer who applied the slovak language in jazz.  He converts rhythm possibilities of the lyrics into musical expression. In his repertoire we can find blues, swing and jazz standards as well as his own original compositions.  Already in the 80s he ranked among the first five male European jazz singers according to Jazz Forum. In 1976 along with Milo\u0161 Pa\u0161ka he started an annual jazz festival \u2013 Bratislava Jazz Days. Since then, he also started MC-ing his own regular radio jazz program. After the velvet revolution in 1989, the Slovak Jazz Society was established. Peter Lipa is the president since the beginning. He continues to do these and other activities alongside his singing career.<\/p>\n<\/div><!--.wbp_wrapper--><\/div><!--.wvc-text-block--><\/div><!--.wvc-column-wrapper--><\/div><!--.wvc-column-inner--><\/div><!--.wvc-column-container--><\/div><!--.wvc-column--><div id=\"wvc-col-2435\" class=\"wvc-col-6 wvc-column wvc-column-content-placement-default wvc-column-content-type-default wvc-column-content-alignment-center wvc-column-text-alignment-default\" data-base-width-int=\"6\" style=\"\" data-aos=\"fade-right\" data-aos-once=\"true\"><div class=\"wvc-column-container wvc-column-bg-default wvc-column-bg-effect-none wvc-font-inherit wvc-column-font-inherit wvc-column-style-none wvc-border-color-none wvc-background-color-default\" style=\"\"><div class=\"wvc-column-inner\"><div class=\"wvc-column-wrapper wpb_wrapper\" style=\"\"><div class=\"wvc-single-image-alignement-center wvc-single-image-shape-default wvc-element\" style=\"\"><figure class=\"wvc-mobile-text-align- wvc-single-image-full-width wvc-single-image wvc-single-image-overlay- wvc-single-image-hover-effect-default wvc-single-image-border- wvc-single-image-shadow- wvc-single-image-add-caption-\" style=\"opacity:1;\"><span class=\"wvc-img wvc-img-hover-effect-default\"><img loading=\"lazy\" decoding=\"async\" class=\"\" src=\"https:\/\/old.peterlipa.com\/wp-content\/uploads\/2021\/03\/lipa-web-biografia-3.png\" width=\"1296\" height=\"1420\" alt=\"lipa-web-biografia-3\" title=\"lipa-web-biografia-3\" \/><\/span><\/figure><\/div><\/div><!--.wvc-column-wrapper--><\/div><!--.wvc-column-inner--><\/div><!--.wvc-column-container--><\/div><!--.wvc-column--><\/div><!--.wvc-columns-container--><\/div><!--.wvc-row-content--><\/div><!--.wvc-row-wrapper--><\/div><!--.wvc-row--><div  data-font-color=\"dark\" class=\"wvc-clearfix  wvc-row wvc-parent-row wvc-row-width-wide wvc-row-layout-column wvc-video-bg-is-mute wvc-row-bg-effect-none wvc-row-bg-default wvc-font-dark wvc-border-color-none wvc-background-color-default wvc-row-content-placement-default wvc-row-columns-placement-default section\" style=\"\"><div class=\"wvc-row-wrapper wvc-row-wrapper-width-standard wvc-row-column-equal-height-no\" style=\"\"><div class=\"wvc-row-content\"><div class=\"wvc-columns-container\" style=\"\"><div id=\"wvc-col-9823\" class=\"wvc-col-6 wvc-column wvc-column-content-placement-default wvc-column-content-type-default wvc-column-content-alignment-center wvc-column-text-alignment-default\" data-base-width-int=\"6\" style=\"\" data-aos=\"fade-left\" data-aos-once=\"true\"><div class=\"wvc-column-container wvc-column-bg-default wvc-column-bg-effect-none wvc-font-inherit wvc-column-font-inherit wvc-column-style-none wvc-border-color-none wvc-background-color-default\" style=\"\"><div class=\"wvc-column-inner\"><div class=\"wvc-column-wrapper wpb_wrapper\" style=\"\"><div class=\"wvc-single-image-alignement-center wvc-single-image-shape-default wvc-element\" style=\"\"><figure class=\"wvc-mobile-text-align- wvc-single-image-full-width wvc-single-image wvc-single-image-overlay- wvc-single-image-hover-effect-default wvc-single-image-border- wvc-single-image-shadow- wvc-single-image-add-caption-\" style=\"opacity:1;\"><span class=\"wvc-img wvc-img-hover-effect-default\"><img loading=\"lazy\" decoding=\"async\" class=\"\" src=\"https:\/\/old.peterlipa.com\/wp-content\/uploads\/2021\/03\/lipa-bio-2.png\" width=\"1296\" height=\"1420\" alt=\"lipa-bio-2\" title=\"lipa-bio-2\" \/><\/span><\/figure><\/div><\/div><!--.wvc-column-wrapper--><\/div><!--.wvc-column-inner--><\/div><!--.wvc-column-container--><\/div><!--.wvc-column--><div id=\"wvc-col-6013\" class=\"wvc-col-6 wvc-column wvc-column-content-placement-default wvc-column-content-type-default wvc-column-content-alignment-center wvc-column-text-alignment-default\" data-base-width-int=\"6\" style=\"\" data-aos=\"fade-right\" data-aos-once=\"true\"><div class=\"wvc-column-container wvc-column-bg-default wvc-column-bg-effect-none wvc-font-inherit wvc-column-font-inherit wvc-column-style-none wvc-border-color-none wvc-background-color-default\" style=\"\"><div class=\"wvc-column-inner\"><div class=\"wvc-column-wrapper wpb_wrapper\" style=\"\"><div class=\"wvc-text-block wvc-clearfix wvc-element wvc-mobile-text-align-\" style=\"\"><div class=\"wbp_wrapper\"><p class=\"article_indent align-justify\">As a singer he was performing on all continents and he recorded 25 albums in slovak and english. The curiosity of his career is,  that because of the communist censorship, he wasn\u2019t allowed to record an album until he was 40 years old. His most powerful experience in music was a duet with Bobby McFerrin. The maestro invited him on stage at the end of his concert in Bratislava  1986. A long time before it was usual on all of Bobby\u2019s concerts.\u00a0<em>Slovensk\u00e1 jazzov\u00e1 spolo\u010dnos\u0165<\/em>Peter Lipa, a native of Presov, since childhood tended to music. At the age of twelve he was taught to play the violin, and later on trumpet, trombone and guitar. He graduated from high school in Presov, then graduated from the Faculty of Civil Engineering Slovak Technical University in Bratislava and worked as an editor of the Czechoslovak Radio. In the years 1975 \u2013 1976 he studied in journalism at Komensky University in Bratislava. He started to work as a musician in the early 60-ties. He was the lead singer of such bands as: Strings,  Istropilana, Blues Five,  Gustav Offerman Orchestra, Revival Jazz Band, T + R Band and Lipa-Andr\u0161t Blues Band.<\/p>\n<p class=\"article_indent align-justify\">In 1968, the Blues Five was honored as  a discovery of the 2nd Beat Festival in Prague.\u00a0<em>Struny\u00a0<\/em>a potom\u00a0<em>Istropilana<\/em>,\u00a0<em>Blues Five<\/em>,\u00a0<em>Orchester Gust\u00e1va Offermana<\/em>,\u00a0<em>Revival Jazz Band<\/em>,\u00a0<em>T+R Band<\/em>\u00a0a\u00a0<em>Lipa Andr\u0161t Blues Band<\/em>. V\u00a0roku 1968 z\u00edskal s\u00a0<em>Blues Five<\/em>\u00a0na\u00a02. beatovom festivale v\u00a0Prahe cenu\u00a0<em>Objav festivalu<\/em>As a singer  throughout his career, he was seeking and finding a connection with a good pianist. Ladislav Gerhard, Milan Svoboda, Gabriel Jon\u00e1\u0161, Emil Viklick\u00fd, Peter Breiner, Boris Urb\u00e1nek, Juraj Tat\u00e1r, Pavol Bodn\u00e1r and his son Peter Lipa jr. \u2013 these are just some of them. In 1978 he started his own band Combo.<\/p>\n<p class=\"article_indent align-justify\">This project in various forms , but under the name \u201cPeter Lipa Band\u00a8 still works. Parallel to this, Peter works on many short-term and long-term cooperations and projects. Currently, he also sings with the Visegrad Blues Band, EU4 and Traditional club. <em>Combo<\/em>\u00a0a\u00a0tento projekt ho v\u00a0r\u00f4znych podob\u00e1ch sprev\u00e1dza do s\u00fa\u010dasnosti pod\u00a0n\u00e1zvom\u00a0<em>Peter Lipa Band<\/em>. Medzit\u00fdm spolupracoval na mnoh\u00fdch kr\u00e1tkodob\u00fdch aj dlhodob\u00fdch projektoch. V s\u00fa\u010dasnosti je to <em>Vi\u0161egrad Blues Band<\/em>,\u00a0<em>EU4<\/em>,\u00a0<em>Traditional club<\/em>.<\/p>\n<\/div><!--.wbp_wrapper--><\/div><!--.wvc-text-block--><\/div><!--.wvc-column-wrapper--><\/div><!--.wvc-column-inner--><\/div><!--.wvc-column-container--><\/div><!--.wvc-column--><\/div><!--.wvc-columns-container--><\/div><!--.wvc-row-content--><\/div><!--.wvc-row-wrapper--><\/div><!--.wvc-row--><div  data-font-color=\"dark\" class=\"wvc-clearfix  wvc-row wvc-parent-row wvc-row-width-wide wvc-row-layout-column wvc-video-bg-is-mute wvc-row-bg-effect-none wvc-row-bg-default wvc-font-dark wvc-border-color-none wvc-background-color-default wvc-row-content-placement-default wvc-row-columns-placement-default section\" style=\"\"><div class=\"wvc-row-wrapper wvc-row-wrapper-width-standard wvc-row-column-equal-height-no\" style=\"\"><div class=\"wvc-row-content\"><div class=\"wvc-columns-container\" style=\"\"><div id=\"wvc-col-9356\" class=\"wvc-col-6 wvc-column wvc-column-content-placement-default wvc-column-content-type-default wvc-column-content-alignment-center wvc-column-text-alignment-default\" data-base-width-int=\"6\" style=\"\" data-aos=\"fade-up\" data-aos-once=\"true\"><div class=\"wvc-column-container wvc-column-bg-default wvc-column-bg-effect-none wvc-font-inherit wvc-column-font-inherit wvc-column-style-none wvc-border-color-none wvc-background-color-default\" style=\"\"><div class=\"wvc-column-inner\"><div class=\"wvc-column-wrapper wpb_wrapper\" style=\"\"><div class=\"wvc-custom-heading wvc-element wvc-text-align-center\" style=\"\"><h2 style=\"font-size:25px;text-align:center;line-height:1.5;\" class=\"wvc-mobile-text-align- wvc-text-color-default\"\n\t\tdata-heading-text=\"Struny (1963-66)\"\n\t\tdata-max-font-size=\"25\"\n\t\tdata-min-font-size=\"18\">Struny (1963-66)<\/h2><\/div><div class=\"wvc-single-image-alignement-center wvc-single-image-shape-default wvc-element\" style=\"\"><figure class=\"wvc-mobile-text-align- wvc-single-image wvc-single-image-overlay- wvc-single-image-hover-effect-default wvc-single-image-border- wvc-single-image-shadow- wvc-single-image-add-caption-\" style=\"opacity:1;\"><span class=\"wvc-img wvc-img-hover-effect-default\"><img loading=\"lazy\" decoding=\"async\" width=\"300\" height=\"218\" src=\"https:\/\/old.peterlipa.com\/wp-content\/uploads\/2021\/03\/biografia_8680b63d0a486a90.jpg\" class=\"\" alt=\"\" \/><\/span><\/figure><\/div><div class=\"wvc-text-block wvc-clearfix wvc-element wvc-mobile-text-align-\" style=\"\"><div class=\"wbp_wrapper\"><p>Mostly The Shadows&amp; Cliff Richard oriented. The founders and later members were mostly students  from The University of Architecture. Bruno Beiszetzer b, Daniel Winter g, Rastislav Vacho g, Lubo Dolinsky dr.<\/p>\n<\/div><!--.wbp_wrapper--><\/div><!--.wvc-text-block--><\/div><!--.wvc-column-wrapper--><\/div><!--.wvc-column-inner--><\/div><!--.wvc-column-container--><\/div><!--.wvc-column--><div id=\"wvc-col-2098\" class=\"wvc-col-6 wvc-column wvc-column-content-placement-default wvc-column-content-type-default wvc-column-content-alignment-center wvc-column-text-alignment-default\" data-base-width-int=\"6\" style=\"\" data-aos=\"fade-up\" data-aos-once=\"true\"><div class=\"wvc-column-container wvc-column-bg-default wvc-column-bg-effect-none wvc-font-inherit wvc-column-font-inherit wvc-column-style-none wvc-border-color-none wvc-background-color-default\" style=\"\"><div class=\"wvc-column-inner\"><div class=\"wvc-column-wrapper wpb_wrapper\" style=\"\"><div class=\"wvc-custom-heading wvc-element wvc-text-align-center\" style=\"\"><h2 style=\"font-size:25px;text-align:center;line-height:1.5;\" class=\"wvc-mobile-text-align- wvc-text-color-default\"\n\t\tdata-heading-text=\"Istopolitana (1967)\"\n\t\tdata-max-font-size=\"25\"\n\t\tdata-min-font-size=\"18\">Istopolitana (1967)<\/h2><\/div><div class=\"wvc-single-image-alignement-center wvc-single-image-shape-default wvc-element\" style=\"\"><figure class=\"wvc-mobile-text-align- wvc-single-image wvc-single-image-overlay- wvc-single-image-hover-effect-default wvc-single-image-border- wvc-single-image-shadow- wvc-single-image-add-caption-\" style=\"opacity:1;\"><span class=\"wvc-img wvc-img-hover-effect-default\"><img loading=\"lazy\" decoding=\"async\" width=\"300\" height=\"218\" src=\"https:\/\/old.peterlipa.com\/wp-content\/uploads\/2021\/03\/biografia_79eae137a49823da.jpg\" class=\"\" alt=\"\" \/><\/span><\/figure><\/div><div class=\"wvc-text-block wvc-clearfix wvc-element wvc-mobile-text-align-\" style=\"\"><div class=\"wbp_wrapper\"><p>Show and dancing band.\nGust\u00e1v Offerman \u2013 dr, ld,\nFranti\u0161ek M\u00f3\u017ei \u2013 b,\nJozef Vizv\u00e1ri \u2013 p,\n\u013dudov\u00edt Horsk\u00fd \u2013 trp,\nDu\u0161an H\u00fa\u0161\u010dava \u2013 ts,\nGabika \u0160ustekov\u00e1 \u2013 voc.<\/p>\n<\/div><!--.wbp_wrapper--><\/div><!--.wvc-text-block--><\/div><!--.wvc-column-wrapper--><\/div><!--.wvc-column-inner--><\/div><!--.wvc-column-container--><\/div><!--.wvc-column--><\/div><!--.wvc-columns-container--><\/div><!--.wvc-row-content--><\/div><!--.wvc-row-wrapper--><\/div><!--.wvc-row--><div  data-font-color=\"dark\" class=\"wvc-clearfix  wvc-row wvc-parent-row wvc-row-width-wide wvc-row-layout-column wvc-video-bg-is-mute wvc-row-bg-effect-none wvc-row-bg-default wvc-font-dark wvc-border-color-none wvc-background-color-default wvc-row-content-placement-default wvc-row-columns-placement-default section\" style=\"\"><div class=\"wvc-row-wrapper wvc-row-wrapper-width-standard wvc-row-column-equal-height-no\" style=\"\"><div class=\"wvc-row-content\"><div class=\"wvc-columns-container\" style=\"\"><div id=\"wvc-col-7110\" class=\"wvc-col-6 wvc-column wvc-column-content-placement-default wvc-column-content-type-default wvc-column-content-alignment-center wvc-column-text-alignment-default\" data-base-width-int=\"6\" style=\"\" data-aos=\"fade-up\" data-aos-once=\"true\"><div class=\"wvc-column-container wvc-column-bg-default wvc-column-bg-effect-none wvc-font-inherit wvc-column-font-inherit wvc-column-style-none wvc-border-color-none wvc-background-color-default\" style=\"\"><div class=\"wvc-column-inner\"><div class=\"wvc-column-wrapper wpb_wrapper\" style=\"\"><div class=\"wvc-custom-heading wvc-element wvc-text-align-center\" style=\"\"><h2 style=\"font-size:25px;text-align:center;line-height:1.5;\" class=\"wvc-mobile-text-align- wvc-text-color-default\"\n\t\tdata-heading-text=\"Blues Five (1968-69)\"\n\t\tdata-max-font-size=\"25\"\n\t\tdata-min-font-size=\"18\">Blues Five (1968-69)<\/h2><\/div><div class=\"wvc-single-image-alignement-center wvc-single-image-shape-default wvc-element\" style=\"\"><figure class=\"wvc-mobile-text-align- wvc-single-image wvc-single-image-overlay- wvc-single-image-hover-effect-default wvc-single-image-border- wvc-single-image-shadow- wvc-single-image-add-caption-\" style=\"opacity:1;\"><span class=\"wvc-img wvc-img-hover-effect-default\"><img loading=\"lazy\" decoding=\"async\" width=\"300\" height=\"218\" src=\"https:\/\/old.peterlipa.com\/wp-content\/uploads\/2021\/03\/biografia_bee445c157ab98aa.jpg\" class=\"\" alt=\"\" \/><\/span><\/figure><\/div><div class=\"wvc-text-block wvc-clearfix wvc-element wvc-mobile-text-align-\" style=\"\"><div class=\"wbp_wrapper\"><p>First band with a clear musical orientation. Succesful in Prague. Peter Kore\u0148 Jaro Filip, Janko Lehotsk\u00fd \u2013 p,key, Ras\u0165o Vacho \u2013 g, Du\u0161an H\u00e1jek \u2013 dr, Fedor Let\u0148an, Du\u0161an Valihora, Miro \u0160ebo\u2013 b,  Ivan Nagy \u2013 trp, Milan Talaj, Pavol Hromada\u2013 ts.<\/p>\n<\/div><!--.wbp_wrapper--><\/div><!--.wvc-text-block--><\/div><!--.wvc-column-wrapper--><\/div><!--.wvc-column-inner--><\/div><!--.wvc-column-container--><\/div><!--.wvc-column--><div id=\"wvc-col-8946\" class=\"wvc-col-6 wvc-column wvc-column-content-placement-default wvc-column-content-type-default wvc-column-content-alignment-center wvc-column-text-alignment-default\" data-base-width-int=\"6\" style=\"\" data-aos=\"fade-up\" data-aos-once=\"true\"><div class=\"wvc-column-container wvc-column-bg-default wvc-column-bg-effect-none wvc-font-inherit wvc-column-font-inherit wvc-column-style-none wvc-border-color-none wvc-background-color-default\" style=\"\"><div class=\"wvc-column-inner\"><div class=\"wvc-column-wrapper wpb_wrapper\" style=\"\"><div class=\"wvc-custom-heading wvc-element wvc-text-align-center\" style=\"\"><h2 style=\"font-size:25px;text-align:center;line-height:1.5;\" class=\"wvc-mobile-text-align- wvc-text-color-default\"\n\t\tdata-heading-text=\"Orchester Gust\u00e1va Offermana (1969-71)\"\n\t\tdata-max-font-size=\"25\"\n\t\tdata-min-font-size=\"18\">Orchester Gust\u00e1va Offermana (1969-71)<\/h2><\/div><div class=\"wvc-single-image-alignement-center wvc-single-image-shape-default wvc-element\" style=\"\"><figure class=\"wvc-mobile-text-align- wvc-single-image wvc-single-image-overlay- wvc-single-image-hover-effect-default wvc-single-image-border- wvc-single-image-shadow- wvc-single-image-add-caption-\" style=\"opacity:1;\"><span class=\"wvc-img wvc-img-hover-effect-default\"><img loading=\"lazy\" decoding=\"async\" width=\"300\" height=\"218\" src=\"https:\/\/old.peterlipa.com\/wp-content\/uploads\/2021\/03\/biografia_a74755d9b5dbc4ed.jpg\" class=\"\" alt=\"\" \/><\/span><\/figure><\/div><div class=\"wvc-text-block wvc-clearfix wvc-element wvc-mobile-text-align-\" style=\"\"><div class=\"wbp_wrapper\"><p>Show and dancing band.\nGust\u00e1v Offerman \u2013 dr, ld,\nFranti\u0161ek M\u00f3\u017ei \u2013 b,\nJozef Vizv\u00e1ri \u2013 p,\n\u013dudov\u00edt Horsk\u00fd \u2013 trp,\nDu\u0161an H\u00fa\u0161\u010dava \u2013 ts,\nGabika \u0160ustekov\u00e1 \u2013 voc.<\/p>\n<\/div><!--.wbp_wrapper--><\/div><!--.wvc-text-block--><\/div><!--.wvc-column-wrapper--><\/div><!--.wvc-column-inner--><\/div><!--.wvc-column-container--><\/div><!--.wvc-column--><\/div><!--.wvc-columns-container--><\/div><!--.wvc-row-content--><\/div><!--.wvc-row-wrapper--><\/div><!--.wvc-row--><div  data-font-color=\"dark\" class=\"wvc-clearfix  wvc-row wvc-parent-row wvc-row-width-wide wvc-row-layout-column wvc-video-bg-is-mute wvc-row-bg-effect-none wvc-row-bg-default wvc-font-dark wvc-border-color-none wvc-background-color-default wvc-row-content-placement-default wvc-row-columns-placement-default section\" style=\"\"><div class=\"wvc-row-wrapper wvc-row-wrapper-width-standard wvc-row-column-equal-height-no\" style=\"\"><div class=\"wvc-row-content\"><div class=\"wvc-columns-container\" style=\"\"><div id=\"wvc-col-1332\" class=\"wvc-col-6 wvc-column wvc-column-content-placement-default wvc-column-content-type-default wvc-column-content-alignment-center wvc-column-text-alignment-default\" data-base-width-int=\"6\" style=\"\" data-aos=\"fade-up\" data-aos-once=\"true\"><div class=\"wvc-column-container wvc-column-bg-default wvc-column-bg-effect-none wvc-font-inherit wvc-column-font-inherit wvc-column-style-none wvc-border-color-none wvc-background-color-default\" style=\"\"><div class=\"wvc-column-inner\"><div class=\"wvc-column-wrapper wpb_wrapper\" style=\"\"><div class=\"wvc-custom-heading wvc-element wvc-text-align-center\" style=\"\"><h2 style=\"font-size:25px;text-align:center;line-height:1.5;\" class=\"wvc-mobile-text-align- wvc-text-color-default\"\n\t\tdata-heading-text=\"Revival Jazz Band (1972-77)\"\n\t\tdata-max-font-size=\"25\"\n\t\tdata-min-font-size=\"18\">Revival Jazz Band (1972-77)<\/h2><\/div><div class=\"wvc-single-image-alignement-center wvc-single-image-shape-default wvc-element\" style=\"\"><figure class=\"wvc-mobile-text-align- wvc-single-image wvc-single-image-overlay- wvc-single-image-hover-effect-default wvc-single-image-border- wvc-single-image-shadow- wvc-single-image-add-caption-\" style=\"opacity:1;\"><span class=\"wvc-img wvc-img-hover-effect-default\"><img loading=\"lazy\" decoding=\"async\" width=\"300\" height=\"218\" src=\"https:\/\/old.peterlipa.com\/wp-content\/uploads\/2021\/03\/biografia_16cc813811a586ee.jpg\" class=\"\" alt=\"\" \/><\/span><\/figure><\/div><div class=\"wvc-text-block wvc-clearfix wvc-element wvc-mobile-text-align-\" style=\"\"><div class=\"wbp_wrapper\"><p>Pioneers of the revivalism in traditionl jazz scene in Czechoslovakia. Peter Lipa managed to change the musical orientation to blues and r&amp;b roots. Anton Rakick\u00fd \u2013 bj, \u0160tefan Popluh\u00e1r \u2013 dr, Milo\u0161 Pa\u0161ka \u2013 b, Milan Va\u0161ica \u2013 trp, Vlado Viz\u00e1r \u2013 trb, Jaroslav \u010cervenka \u2013as,cl.\u00a0<em>Revival Jazz Band<\/em>\u00a0odohral mno\u017estvo koncertov po celej Eur\u00f3pe. Zlo\u017eenie: Anton Rakick\u00fd \u2013 banjo, \u0160tefan Popluh\u00e1r \u2013 bicie, Milo\u0161 Pa\u0161ka \u2013 basa, Milan Va\u0161ica \u2013 tr\u00fabka, Vlado Viz\u00e1r \u2013 tromb\u00f3n, Jaroslav \u010cervenka \u2013 saxof\u00f3n, kl\u00e1vesy.<\/p>\n<\/div><!--.wbp_wrapper--><\/div><!--.wvc-text-block--><\/div><!--.wvc-column-wrapper--><\/div><!--.wvc-column-inner--><\/div><!--.wvc-column-container--><\/div><!--.wvc-column--><div id=\"wvc-col-3650\" class=\"wvc-col-6 wvc-column wvc-column-content-placement-default wvc-column-content-type-default wvc-column-content-alignment-center wvc-column-text-alignment-default\" data-base-width-int=\"6\" style=\"\" data-aos=\"fade-up\" data-aos-once=\"true\"><div class=\"wvc-column-container wvc-column-bg-default wvc-column-bg-effect-none wvc-font-inherit wvc-column-font-inherit wvc-column-style-none wvc-border-color-none wvc-background-color-default\" style=\"\"><div class=\"wvc-column-inner\"><div class=\"wvc-column-wrapper wpb_wrapper\" style=\"\"><div class=\"wvc-custom-heading wvc-element wvc-text-align-center\" style=\"\"><h2 style=\"font-size:25px;text-align:center;line-height:1.5;\" class=\"wvc-mobile-text-align- wvc-text-color-default\"\n\t\tdata-heading-text=\"Combo Petra Lipu (1977-90)\"\n\t\tdata-max-font-size=\"25\"\n\t\tdata-min-font-size=\"18\">Combo Petra Lipu (1977-90)<\/h2><\/div><div class=\"wvc-single-image-alignement-center wvc-single-image-shape-default wvc-element\" style=\"\"><figure class=\"wvc-mobile-text-align- wvc-single-image wvc-single-image-overlay- wvc-single-image-hover-effect-default wvc-single-image-border- wvc-single-image-shadow- wvc-single-image-add-caption-\" style=\"opacity:1;\"><span class=\"wvc-img wvc-img-hover-effect-default\"><img loading=\"lazy\" decoding=\"async\" width=\"300\" height=\"218\" src=\"https:\/\/old.peterlipa.com\/wp-content\/uploads\/2021\/03\/biografia_bc877af2dd7c4c67.jpg\" class=\"\" alt=\"\" \/><\/span><\/figure><\/div><div class=\"wvc-text-block wvc-clearfix wvc-element wvc-mobile-text-align-\" style=\"\"><div class=\"wbp_wrapper\"><p>During the years it had a lots of changes in the line up. This band started with the members of Hej. Later on joined by Peter Breiner-p, Cyril Zele\u0148\u00e1k-dr, Stanislav Herko, Vladimir Kulh\u00e1nek-b. That was the recording on 1st album Moanin- Ne\u00faprosn\u00e9 r\u00e1no. Then later Breiner was replaced by Boris Urb\u00e1nek and a new lineup: Mirko Binder-p, Andrej \u0160eban-g, Jan fabricky-dr, Anton Jaro-b, Karol Lago-as, Juraj Barto\u0161-trp. 2nd album That\u2019s the way it is\/Je to stale tak.\u00a0<em>Ne\u00faprosn\u00e9 r\u00e1no<\/em>\u00a0(1984). Koncom 90. rokov za\u010dal Lipa spolupracova\u0165 s\u00a0mlad\u0161\u00edmi hudobn\u00edkmi: Boris Urb\u00e1nek \u2013 klav\u00edr, Andrej \u0160eban \u2013 gitara, J\u00e1n Fabrick\u00fd \u2013 bicie, Anton Jaro \u2013 basgitara, Juraj Barto\u0161 \u2013 tr\u00fabka, Karol Lago \u2013 saxof\u00f3n, Miroslav Binder \u2013 kl\u00e1vesy. Album\u00a0<em>Je to st\u00e1le tak<\/em>\u00a0(1988).<\/p>\n<\/div><!--.wbp_wrapper--><\/div><!--.wvc-text-block--><\/div><!--.wvc-column-wrapper--><\/div><!--.wvc-column-inner--><\/div><!--.wvc-column-container--><\/div><!--.wvc-column--><\/div><!--.wvc-columns-container--><\/div><!--.wvc-row-content--><\/div><!--.wvc-row-wrapper--><\/div><!--.wvc-row--><div  data-font-color=\"dark\" class=\"wvc-clearfix  wvc-row wvc-parent-row wvc-row-width-wide wvc-row-layout-column wvc-video-bg-is-mute wvc-row-bg-effect-none wvc-row-bg-default wvc-font-dark wvc-border-color-none wvc-background-color-default wvc-row-content-placement-default wvc-row-columns-placement-default section\" style=\"\"><div class=\"wvc-row-wrapper wvc-row-wrapper-width-standard wvc-row-column-equal-height-no\" style=\"\"><div class=\"wvc-row-content\"><div class=\"wvc-columns-container\" style=\"\"><div id=\"wvc-col-9196\" class=\"wvc-col-6 wvc-column wvc-column-content-placement-default wvc-column-content-type-default wvc-column-content-alignment-center wvc-column-text-alignment-default\" data-base-width-int=\"6\" style=\"\" data-aos=\"fade-up\" data-aos-once=\"true\"><div class=\"wvc-column-container wvc-column-bg-default wvc-column-bg-effect-none wvc-font-inherit wvc-column-font-inherit wvc-column-style-none wvc-border-color-none wvc-background-color-default\" style=\"\"><div class=\"wvc-column-inner\"><div class=\"wvc-column-wrapper wpb_wrapper\" style=\"\"><div class=\"wvc-custom-heading wvc-element wvc-text-align-center\" style=\"\"><h2 style=\"font-size:25px;text-align:center;line-height:1.5;\" class=\"wvc-mobile-text-align- wvc-text-color-default\"\n\t\tdata-heading-text=\"Lipa \u2013 Andr\u0161t Blues Band (1980-86)\"\n\t\tdata-max-font-size=\"25\"\n\t\tdata-min-font-size=\"18\">Lipa \u2013 Andr\u0161t Blues Band (1980-86)<\/h2><\/div><div class=\"wvc-single-image-alignement-center wvc-single-image-shape-default wvc-element\" style=\"\"><figure class=\"wvc-mobile-text-align- wvc-single-image wvc-single-image-overlay- wvc-single-image-hover-effect-default wvc-single-image-border- wvc-single-image-shadow- wvc-single-image-add-caption-\" style=\"opacity:1;\"><span class=\"wvc-img wvc-img-hover-effect-default\"><img loading=\"lazy\" decoding=\"async\" width=\"300\" height=\"218\" src=\"https:\/\/old.peterlipa.com\/wp-content\/uploads\/2021\/03\/biografia_31d8abeb96e44633.jpg\" class=\"\" alt=\"\" \/><\/span><\/figure><\/div><div class=\"wvc-text-block wvc-clearfix wvc-element wvc-mobile-text-align-\" style=\"\"><div class=\"wbp_wrapper\"><p>This band has something to say to rock and jazz audience by combining modern electric blues with elements of funk and jazz.The band was a welcome guest at festivals, not only in Czechoslovakia. Blues Band recorded two albums, but its power was in live performance. In addition to the leaders guitarist Lubos Andr\u0161t and Lipa was bassist Vladimir Kulh\u00e1nek, Ond\u0159ej Konrad mouth harp, pianist Boris Urbanek and  saxophonist Jan Kubik.<\/p>\n<\/div><!--.wbp_wrapper--><\/div><!--.wvc-text-block--><\/div><!--.wvc-column-wrapper--><\/div><!--.wvc-column-inner--><\/div><!--.wvc-column-container--><\/div><!--.wvc-column--><div id=\"wvc-col-2566\" class=\"wvc-col-6 wvc-column wvc-column-content-placement-default wvc-column-content-type-default wvc-column-content-alignment-center wvc-column-text-alignment-default\" data-base-width-int=\"6\" style=\"\" data-aos=\"fade-up\" data-aos-once=\"true\"><div class=\"wvc-column-container wvc-column-bg-default wvc-column-bg-effect-none wvc-font-inherit wvc-column-font-inherit wvc-column-style-none wvc-border-color-none wvc-background-color-default\" style=\"\"><div class=\"wvc-column-inner\"><div class=\"wvc-column-wrapper wpb_wrapper\" style=\"\"><div class=\"wvc-custom-heading wvc-element wvc-text-align-center\" style=\"\"><h2 style=\"font-size:25px;text-align:center;line-height:1.5;\" class=\"wvc-mobile-text-align- wvc-text-color-default\"\n\t\tdata-heading-text=\"Duo s Petrom Breinerom (1978-1992)\"\n\t\tdata-max-font-size=\"25\"\n\t\tdata-min-font-size=\"18\">Duo s Petrom Breinerom (1978-1992)<\/h2><\/div><div class=\"wvc-single-image-alignement-center wvc-single-image-shape-default wvc-element\" style=\"\"><figure class=\"wvc-mobile-text-align- wvc-single-image wvc-single-image-overlay- wvc-single-image-hover-effect-default wvc-single-image-border- wvc-single-image-shadow- wvc-single-image-add-caption-\" style=\"opacity:1;\"><span class=\"wvc-img wvc-img-hover-effect-default\"><img loading=\"lazy\" decoding=\"async\" width=\"300\" height=\"218\" src=\"https:\/\/old.peterlipa.com\/wp-content\/uploads\/2021\/03\/biografia_be40af5d751ee1e1.jpg\" class=\"\" alt=\"\" \/><\/span><\/figure><\/div><div class=\"wvc-text-block wvc-clearfix wvc-element wvc-mobile-text-align-\" style=\"\"><div class=\"wbp_wrapper\"><p>Cooperation started in Combo. Later it was a theatre performance P+P=Jazz in L+S Theatre. Premiere sept.9th 1984. Album BOOGIE UP (Polygram\/EmArcy 1997)\u00a0<br class=\"one-br\" \/>Album\u00a0<em>Boogie Up<\/em>\u00a0(PolyGram\/EmArcy 1997), zachyt\u00e1va t\u00fato spolupr\u00e1cu.<\/p>\n<\/div><!--.wbp_wrapper--><\/div><!--.wvc-text-block--><\/div><!--.wvc-column-wrapper--><\/div><!--.wvc-column-inner--><\/div><!--.wvc-column-container--><\/div><!--.wvc-column--><\/div><!--.wvc-columns-container--><\/div><!--.wvc-row-content--><\/div><!--.wvc-row-wrapper--><\/div><!--.wvc-row--><div  data-font-color=\"dark\" class=\"wvc-clearfix  wvc-row wvc-parent-row wvc-row-width-wide wvc-row-layout-column wvc-video-bg-is-mute wvc-row-bg-effect-none wvc-row-bg-default wvc-font-dark wvc-border-color-none wvc-background-color-default wvc-row-content-placement-default wvc-row-columns-placement-default section\" style=\"\"><div class=\"wvc-row-wrapper wvc-row-wrapper-width-standard wvc-row-column-equal-height-no\" style=\"\"><div class=\"wvc-row-content\"><div class=\"wvc-columns-container\" style=\"\"><div id=\"wvc-col-8438\" class=\"wvc-col-6 wvc-column wvc-column-content-placement-default wvc-column-content-type-default wvc-column-content-alignment-center wvc-column-text-alignment-default\" data-base-width-int=\"6\" style=\"\" data-aos=\"fade-up\" data-aos-once=\"true\"><div class=\"wvc-column-container wvc-column-bg-default wvc-column-bg-effect-none wvc-font-inherit wvc-column-font-inherit wvc-column-style-none wvc-border-color-none wvc-background-color-default\" style=\"\"><div class=\"wvc-column-inner\"><div class=\"wvc-column-wrapper wpb_wrapper\" style=\"\"><div class=\"wvc-custom-heading wvc-element wvc-text-align-center\" style=\"\"><h2 style=\"font-size:25px;text-align:center;line-height:1.5;\" class=\"wvc-mobile-text-align- wvc-text-color-default\"\n\t\tdata-heading-text=\"Peter Lipa Band (1994)\"\n\t\tdata-max-font-size=\"25\"\n\t\tdata-min-font-size=\"18\">Peter Lipa Band (1994)<\/h2><\/div><div class=\"wvc-single-image-alignement-center wvc-single-image-shape-default wvc-element\" style=\"\"><figure class=\"wvc-mobile-text-align- wvc-single-image wvc-single-image-overlay- wvc-single-image-hover-effect-default wvc-single-image-border- wvc-single-image-shadow- wvc-single-image-add-caption-\" style=\"opacity:1;\"><span class=\"wvc-img wvc-img-hover-effect-default\"><img loading=\"lazy\" decoding=\"async\" width=\"300\" height=\"218\" src=\"https:\/\/old.peterlipa.com\/wp-content\/uploads\/2021\/03\/biografia_d1415d244b384462.jpg\" class=\"\" alt=\"\" \/><\/span><\/figure><\/div><div class=\"wvc-text-block wvc-clearfix wvc-element wvc-mobile-text-align-\" style=\"\"><div class=\"wbp_wrapper\"><p>Alongside continued collaboration with co -leader and guitarplayer Andrej \u0160eban. Recorded the album Nasp\u00e4\u0165 na stromy (Back on Trees) (EWP1995) and \u010cierny Peter (Black Peter) (BMG 1997) with a clear tendency to his beloved music, a combination of jazz and blues. This project gives him more space to sing his original music, based on good choice of lyrics. The line up of the group are first-rate musicians: Juraj Tatar- keyb, Martin Ga\u0161par b, Marcel Buntaj dr. Since 1999 saxophonist Michal \u017d\u00e1\u010dek replaced Andrej \u0160eban.\u00a0<em>Nasp\u00e4\u0165 na\u00a0stromy<\/em>\u00a0(1995) a\u00a0<em>\u010cierny Peter<\/em>\u00a0s\u00a0jednozna\u010dn\u00fdm pr\u00edklonom k starej l\u00e1ske, kombin\u00e1cii jazz a\u00a0blues. V\u00a0tomto projekte sa za\u010d\u00edna intenz\u00edvnej\u0161ie prejavova\u0165 ako autor. V\u00a0skupine hraj\u00fa prvotriedni hudobn\u00edci: Kl\u00e1vesista Juraj Tat\u00e1r, basgitarista Martin Ga\u0161par a\u00a0buben\u00edk Marcel Buntaj. V\u00a0roku 1999 Andrej \u0160eban zo\u00a0skupiny odch\u00e1dza a\u00a0na jeho miesto nastupuje mlad\u00fd ostravsk\u00fd saxofonista Michal \u017d\u00e1\u010dek.<\/p>\n<\/div><!--.wbp_wrapper--><\/div><!--.wvc-text-block--><\/div><!--.wvc-column-wrapper--><\/div><!--.wvc-column-inner--><\/div><!--.wvc-column-container--><\/div><!--.wvc-column--><div id=\"wvc-col-9498\" class=\"wvc-col-6 wvc-column wvc-column-content-placement-default wvc-column-content-type-default wvc-column-content-alignment-center wvc-column-text-alignment-default\" data-base-width-int=\"6\" style=\"\" data-aos=\"fade-up\" data-aos-once=\"true\"><div class=\"wvc-column-container wvc-column-bg-default wvc-column-bg-effect-none wvc-font-inherit wvc-column-font-inherit wvc-column-style-none wvc-border-color-none wvc-background-color-default\" style=\"\"><div class=\"wvc-column-inner\"><div class=\"wvc-column-wrapper wpb_wrapper\" style=\"\"><div class=\"wvc-custom-heading wvc-element wvc-text-align-center\" style=\"\"><h2 style=\"font-size:25px;text-align:center;line-height:1.5;\" class=\"wvc-mobile-text-align- wvc-text-color-default\"\n\t\tdata-heading-text=\"T&amp;R Band (1986-95)\"\n\t\tdata-max-font-size=\"25\"\n\t\tdata-min-font-size=\"18\">T&amp;R Band (1986-95)<\/h2><\/div><div class=\"wvc-single-image-alignement-center wvc-single-image-shape-default wvc-element\" style=\"\"><figure class=\"wvc-mobile-text-align- wvc-single-image wvc-single-image-overlay- wvc-single-image-hover-effect-default wvc-single-image-border- wvc-single-image-shadow- wvc-single-image-add-caption-\" style=\"opacity:1;\"><span class=\"wvc-img wvc-img-hover-effect-default\"><img loading=\"lazy\" decoding=\"async\" width=\"300\" height=\"218\" src=\"https:\/\/old.peterlipa.com\/wp-content\/uploads\/2021\/03\/biografia_45d23fced224b0b8.jpg\" class=\"\" alt=\"\" \/><\/span><\/figure><\/div><div class=\"wvc-text-block wvc-clearfix wvc-element wvc-mobile-text-align-\" style=\"\"><div class=\"wbp_wrapper\"><p>The band was formed as a combination of two leading revivalist groups, Novy Tradicion\u00e1l and Revival Jazz Band. The music was mostly standards, New Orleans, swing, arrangements of classical music tracks, jumping jazz, blues and more. The band often played abroad (Netherlands, Germany, Spain, Cuba, Algeria, Greece, Switzerland, USA and many other countries). The most famous, however, were the regular thursdays at the biggest beer pub in Bratislava \u2013 Stara sladov\u0148a , named Mamooth (1980 \u2013 1995), it gained cult tradition. Members: Anton Rakick\u00fd \u2013 bj, Alojz Bouda \u2013 p, Fedor Fre\u0161o, Stanislav Herko-  b , \u0160tefan \u201cPi\u0165o\u00a8 Popluh\u00e1r \/ Karol Such\u00e1\u0148 \u2013 dr, Juraj Lehotsk\u00fd \u2013 trp, Vladimir Viz\u00e1r \u2013 trb, Jaroslav \u201cCountry\u00a8 \u010cervenka \u2013 cl, as. Albums: T &amp; R Band, Peter Lipa Live at Limmatquai 1982, T&amp;R Band featuring Peter Lipa In Germany 1990, Peter Lipa &amp; T + R Band (OPUS), and UP TO Date(OPEN).\u00a0<em>T&amp;R Band, Peter Lipa<\/em>\u00a0<em>Live at Limmatquai\u00a01982,\u00a0In Germany\u00a01990,\u00a0Peter Lipa a\u00a0T&amp;R\u00a0Band\u00a0a\u00a0Up to date.<\/em><\/p>\n<\/div><!--.wbp_wrapper--><\/div><!--.wvc-text-block--><\/div><!--.wvc-column-wrapper--><\/div><!--.wvc-column-inner--><\/div><!--.wvc-column-container--><\/div><!--.wvc-column--><\/div><!--.wvc-columns-container--><\/div><!--.wvc-row-content--><\/div><!--.wvc-row-wrapper--><\/div><!--.wvc-row--><div  data-font-color=\"dark\" class=\"wvc-clearfix  wvc-row wvc-parent-row wvc-row-width-wide wvc-row-layout-column wvc-video-bg-is-mute wvc-row-bg-effect-none wvc-row-bg-default wvc-font-dark wvc-border-color-none wvc-background-color-default wvc-row-content-placement-default wvc-row-columns-placement-default section\" style=\"\"><div class=\"wvc-row-wrapper wvc-row-wrapper-width-standard wvc-row-column-equal-height-no\" style=\"\"><div class=\"wvc-row-content\"><div class=\"wvc-columns-container\" style=\"\"><div id=\"wvc-col-1927\" class=\"wvc-col-6 wvc-column wvc-column-content-placement-default wvc-column-content-type-default wvc-column-content-alignment-center wvc-column-text-alignment-default\" data-base-width-int=\"6\" style=\"\" data-aos=\"fade-up\" data-aos-once=\"true\"><div class=\"wvc-column-container wvc-column-bg-default wvc-column-bg-effect-none wvc-font-inherit wvc-column-font-inherit wvc-column-style-none wvc-border-color-none wvc-background-color-default\" style=\"\"><div class=\"wvc-column-inner\"><div class=\"wvc-column-wrapper wpb_wrapper\" style=\"\"><div class=\"wvc-custom-heading wvc-element wvc-text-align-center\" style=\"\"><h2 style=\"font-size:25px;text-align:center;line-height:1.5;\" class=\"wvc-mobile-text-align- wvc-text-color-default\"\n\t\tdata-heading-text=\"Peter Lipa Band (1995-98)\"\n\t\tdata-max-font-size=\"25\"\n\t\tdata-min-font-size=\"18\">Peter Lipa Band (1995-98)<\/h2><\/div><div class=\"wvc-single-image-alignement-center wvc-single-image-shape-default wvc-element\" style=\"\"><figure class=\"wvc-mobile-text-align- wvc-single-image wvc-single-image-overlay- wvc-single-image-hover-effect-default wvc-single-image-border- wvc-single-image-shadow- wvc-single-image-add-caption-\" style=\"opacity:1;\"><span class=\"wvc-img wvc-img-hover-effect-default\"><img loading=\"lazy\" decoding=\"async\" width=\"300\" height=\"218\" src=\"https:\/\/old.peterlipa.com\/wp-content\/uploads\/2021\/03\/biografia_879b0eb0612c8cd6.jpg\" class=\"\" alt=\"\" \/><\/span><\/figure><\/div><div class=\"wvc-text-block wvc-clearfix wvc-element wvc-mobile-text-align-\" style=\"\"><div class=\"wbp_wrapper\"><p>After disbanding T&amp;R to continue the same way of music he originally started. Juraj Lehotsk\u00fd \u2013 trp, Du\u0161an H\u00fa\u0161\u010dava \u2013 ts, Franti\u0161ek Karnok \u2013 trb, Andrej \u0160ebo \u2013 b, Pavol Bodn\u00e1r \u2013 p, Cyril Zele\u0148\u00e1k \/ Stanislav Cvanciger \u2013 dr. Album Bistro.( BMG 1996)\u00a0<em>T\u00a0&amp;\u00a0R Band<\/em>. \u00da\u010dinkuj\u00faci: Juraj Lehotsk\u00fd \u2013 tr\u00fabka, Du\u0161an H\u00fa\u0161\u010dava \u2013 saxof\u00f3n, Franti\u0161ek Karnok \u2013 tromb\u00f3n, Andrej \u0160ebo \u2013 basgitara, Pavol Bodn\u00e1r \u2013 klav\u00edr, Cyril Zele\u0148\u00e1k \/ Stanislav Cvanciger \u2013 bicie.\u00a0<em>Album\u00a0Bistro<\/em>.<\/p>\n<\/div><!--.wbp_wrapper--><\/div><!--.wvc-text-block--><\/div><!--.wvc-column-wrapper--><\/div><!--.wvc-column-inner--><\/div><!--.wvc-column-container--><\/div><!--.wvc-column--><div id=\"wvc-col-4079\" class=\"wvc-col-6 wvc-column wvc-column-content-placement-default wvc-column-content-type-default wvc-column-content-alignment-center wvc-column-text-alignment-default\" data-base-width-int=\"6\" style=\"\" data-aos=\"fade-up\" data-aos-once=\"true\"><div class=\"wvc-column-container wvc-column-bg-default wvc-column-bg-effect-none wvc-font-inherit wvc-column-font-inherit wvc-column-style-none wvc-border-color-none wvc-background-color-default\" style=\"\"><div class=\"wvc-column-inner\"><div class=\"wvc-column-wrapper wpb_wrapper\" style=\"\"><div class=\"wvc-custom-heading wvc-element wvc-text-align-center\" style=\"\"><h2 style=\"font-size:25px;text-align:center;line-height:1.5;\" class=\"wvc-mobile-text-align- wvc-text-color-default\"\n\t\tdata-heading-text=\"Vi\u0161egrad Blues Band (2004)\"\n\t\tdata-max-font-size=\"25\"\n\t\tdata-min-font-size=\"18\">Vi\u0161egrad Blues Band (2004)<\/h2><\/div><div class=\"wvc-single-image-alignement-center wvc-single-image-shape-default wvc-element\" style=\"\"><figure class=\"wvc-mobile-text-align- wvc-single-image wvc-single-image-overlay- wvc-single-image-hover-effect-default wvc-single-image-border- wvc-single-image-shadow- wvc-single-image-add-caption-\" style=\"opacity:1;\"><span class=\"wvc-img wvc-img-hover-effect-default\"><img loading=\"lazy\" decoding=\"async\" width=\"300\" height=\"189\" src=\"https:\/\/old.peterlipa.com\/wp-content\/uploads\/2021\/03\/biografia_27d43a630cecd1d1.jpg\" class=\"\" alt=\"\" \/><\/span><\/figure><\/div><div class=\"wvc-text-block wvc-clearfix wvc-element wvc-mobile-text-align-\" style=\"\"><div class=\"wbp_wrapper\"><p>This international band is made by musicians from different countries with strong roots in blues. Polish guitarist Leszek Cicho\u0144ski, Polish keyboardist Zbygniew Jakubek and Czech Ond\u0159ej Konrad harp. Rhythm section is Hungarian, with roots stretching back to the legendary band Locomotiv GT, Hobo Blues Band, drummer Janos Solti and bassist Egon Poka. The repertoire consists mainly of originally arranged blues standards by group members. Original instrumental tracks by Cicho\u0144ski.\u00a0<em>Locomotiv GT<\/em>\u00a0a\u00a0<em>Hobo Blues Band<\/em>, buben\u00edk Janos Solti a\u00a0basista Egon Poka. Reperto\u00e1r zoskupenia tvoria predov\u0161etk\u00fdm origin\u00e1lne zaran\u017eovan\u00e9 bluesov\u00e9 \u0161tandardy a\u00a0nieko\u013eko p\u00f4vodn\u00fdch Cichonsk\u00e9ho in\u0161trument\u00e1lnych skladieb.<\/p>\n<\/div><!--.wbp_wrapper--><\/div><!--.wvc-text-block--><\/div><!--.wvc-column-wrapper--><\/div><!--.wvc-column-inner--><\/div><!--.wvc-column-container--><\/div><!--.wvc-column--><\/div><!--.wvc-columns-container--><\/div><!--.wvc-row-content--><\/div><!--.wvc-row-wrapper--><\/div><!--.wvc-row--><div  data-font-color=\"dark\" class=\"wvc-clearfix  wvc-row wvc-parent-row wvc-row-width-wide wvc-row-layout-column wvc-video-bg-is-mute wvc-row-bg-effect-none wvc-row-bg-default wvc-font-dark wvc-border-color-none wvc-background-color-default wvc-row-content-placement-default wvc-row-columns-placement-default section\" style=\"\"><div class=\"wvc-row-wrapper wvc-row-wrapper-width-standard wvc-row-column-equal-height-no\" style=\"\"><div class=\"wvc-row-content\"><div class=\"wvc-columns-container\" style=\"\"><div id=\"wvc-col-7538\" class=\"wvc-col-6 wvc-column wvc-column-content-placement-default wvc-column-content-type-default wvc-column-content-alignment-center wvc-column-text-alignment-default\" data-base-width-int=\"6\" style=\"\" data-aos=\"fade-up\" data-aos-once=\"true\"><div class=\"wvc-column-container wvc-column-bg-default wvc-column-bg-effect-none wvc-font-inherit wvc-column-font-inherit wvc-column-style-none wvc-border-color-none wvc-background-color-default\" style=\"\"><div class=\"wvc-column-inner\"><div class=\"wvc-column-wrapper wpb_wrapper\" style=\"\"><div class=\"wvc-custom-heading wvc-element wvc-text-align-center\" style=\"\"><h2 style=\"font-size:25px;text-align:center;line-height:1.5;\" class=\"wvc-mobile-text-align- wvc-text-color-default\"\n\t\tdata-heading-text=\"Peter Lipa Band (1999 \u2013 2007)\"\n\t\tdata-max-font-size=\"25\"\n\t\tdata-min-font-size=\"18\">Peter Lipa Band (1999 \u2013 2007)<\/h2><\/div><div class=\"wvc-single-image-alignement-center wvc-single-image-shape-default wvc-element\" style=\"\"><figure class=\"wvc-mobile-text-align- wvc-single-image wvc-single-image-overlay- wvc-single-image-hover-effect-default wvc-single-image-border- wvc-single-image-shadow- wvc-single-image-add-caption-\" style=\"opacity:1;\"><span class=\"wvc-img wvc-img-hover-effect-default\"><img loading=\"lazy\" decoding=\"async\" width=\"300\" height=\"217\" src=\"https:\/\/old.peterlipa.com\/wp-content\/uploads\/2021\/03\/Foto-Peter-Lipa-Band-1-300x217.jpg\" class=\"\" alt=\"\" srcset=\"https:\/\/old.peterlipa.com\/wp-content\/uploads\/2021\/03\/Foto-Peter-Lipa-Band-1-300x217.jpg 300w, https:\/\/old.peterlipa.com\/wp-content\/uploads\/2021\/03\/Foto-Peter-Lipa-Band-1-768x555.jpg 768w, https:\/\/old.peterlipa.com\/wp-content\/uploads\/2021\/03\/Foto-Peter-Lipa-Band-1-789x570.jpg 789w, https:\/\/old.peterlipa.com\/wp-content\/uploads\/2021\/03\/Foto-Peter-Lipa-Band-1-500x361.jpg 500w, https:\/\/old.peterlipa.com\/wp-content\/uploads\/2021\/03\/Foto-Peter-Lipa-Band-1-550x397.jpg 550w, https:\/\/old.peterlipa.com\/wp-content\/uploads\/2021\/03\/Foto-Peter-Lipa-Band-1-700x505.jpg 700w, https:\/\/old.peterlipa.com\/wp-content\/uploads\/2021\/03\/Foto-Peter-Lipa-Band-1-400x289.jpg 400w, https:\/\/old.peterlipa.com\/wp-content\/uploads\/2021\/03\/Foto-Peter-Lipa-Band-1.jpg 831w\" sizes=\"auto, (max-width: 300px) 100vw, 300px\" \/><\/span><\/figure><\/div><div class=\"wvc-text-block wvc-clearfix wvc-element wvc-mobile-text-align-\" style=\"\"><div class=\"wbp_wrapper\"><p>Juraj Tat\u00e1r &#8211; kl\u00e1vesy,<br \/>\nMichal \u017d\u00e1\u017eek \u2013 saxofon;<br \/>\nPeter Lipa;<br \/>\nMartin Ga\u0161par \u2013 basgitara;<br \/>\nMarcel Buntaj \u2013 bicie<\/p>\n<\/div><!--.wbp_wrapper--><\/div><!--.wvc-text-block--><\/div><!--.wvc-column-wrapper--><\/div><!--.wvc-column-inner--><\/div><!--.wvc-column-container--><\/div><!--.wvc-column--><div id=\"wvc-col-3593\" class=\"wvc-col-6 wvc-column wvc-column-content-placement-default wvc-column-content-type-default wvc-column-content-alignment-center wvc-column-text-alignment-default\" data-base-width-int=\"6\" style=\"\" data-aos=\"fade-up\" data-aos-once=\"true\"><div class=\"wvc-column-container wvc-column-bg-default wvc-column-bg-effect-none wvc-font-inherit wvc-column-font-inherit wvc-column-style-none wvc-border-color-none wvc-background-color-default\" style=\"\"><div class=\"wvc-column-inner\"><div class=\"wvc-column-wrapper wpb_wrapper\" style=\"\"><div class=\"wvc-custom-heading wvc-element wvc-text-align-center\" style=\"\"><h2 style=\"font-size:25px;text-align:center;line-height:1.5;\" class=\"wvc-mobile-text-align- wvc-text-color-default\"\n\t\tdata-heading-text=\"Peter Lipa Band (2007)\"\n\t\tdata-max-font-size=\"25\"\n\t\tdata-min-font-size=\"18\">Peter Lipa Band (2007)<\/h2><\/div><div class=\"wvc-single-image-alignement-center wvc-single-image-shape-default wvc-element\" style=\"\"><figure class=\"wvc-mobile-text-align- wvc-single-image wvc-single-image-overlay- wvc-single-image-hover-effect-default wvc-single-image-border- wvc-single-image-shadow- wvc-single-image-add-caption-\" style=\"opacity:1;\"><span class=\"wvc-img wvc-img-hover-effect-default\"><img loading=\"lazy\" decoding=\"async\" width=\"300\" height=\"145\" src=\"https:\/\/old.peterlipa.com\/wp-content\/uploads\/2021\/03\/novy_bubenik_michal_fedor_b_3bc11bf313fc5b46-300x145.jpg\" class=\"\" alt=\"\" srcset=\"https:\/\/old.peterlipa.com\/wp-content\/uploads\/2021\/03\/novy_bubenik_michal_fedor_b_3bc11bf313fc5b46-300x145.jpg 300w, https:\/\/old.peterlipa.com\/wp-content\/uploads\/2021\/03\/novy_bubenik_michal_fedor_b_3bc11bf313fc5b46-1024x497.jpg 1024w, https:\/\/old.peterlipa.com\/wp-content\/uploads\/2021\/03\/novy_bubenik_michal_fedor_b_3bc11bf313fc5b46-768x372.jpg 768w, https:\/\/old.peterlipa.com\/wp-content\/uploads\/2021\/03\/novy_bubenik_michal_fedor_b_3bc11bf313fc5b46-1536x745.jpg 1536w, https:\/\/old.peterlipa.com\/wp-content\/uploads\/2021\/03\/novy_bubenik_michal_fedor_b_3bc11bf313fc5b46-1140x553.jpg 1140w, https:\/\/old.peterlipa.com\/wp-content\/uploads\/2021\/03\/novy_bubenik_michal_fedor_b_3bc11bf313fc5b46-500x242.jpg 500w, https:\/\/old.peterlipa.com\/wp-content\/uploads\/2021\/03\/novy_bubenik_michal_fedor_b_3bc11bf313fc5b46-550x267.jpg 550w, https:\/\/old.peterlipa.com\/wp-content\/uploads\/2021\/03\/novy_bubenik_michal_fedor_b_3bc11bf313fc5b46-700x339.jpg 700w, https:\/\/old.peterlipa.com\/wp-content\/uploads\/2021\/03\/novy_bubenik_michal_fedor_b_3bc11bf313fc5b46-400x194.jpg 400w, https:\/\/old.peterlipa.com\/wp-content\/uploads\/2021\/03\/novy_bubenik_michal_fedor_b_3bc11bf313fc5b46-1000x485.jpg 1000w, https:\/\/old.peterlipa.com\/wp-content\/uploads\/2021\/03\/novy_bubenik_michal_fedor_b_3bc11bf313fc5b46.jpg 1920w\" sizes=\"auto, (max-width: 300px) 100vw, 300px\" \/><\/span><\/figure><\/div><div class=\"wvc-text-block wvc-clearfix wvc-element wvc-mobile-text-align-\" style=\"\"><div class=\"wbp_wrapper\"><p>Peter Lipa jr \u2013 kl\u00e1vesy;<br \/>\nMichal \u0160imko \u2013 basgitara;<br \/>\nRobert Rist \u2013bicie;<br \/>\nMichal \u017d\u00e1\u010dek \u2013 sax<\/p>\n<\/div><!--.wbp_wrapper--><\/div><!--.wvc-text-block--><\/div><!--.wvc-column-wrapper--><\/div><!--.wvc-column-inner--><\/div><!--.wvc-column-container--><\/div><!--.wvc-column--><\/div><!--.wvc-columns-container--><\/div><!--.wvc-row-content--><\/div><!--.wvc-row-wrapper--><\/div><!--.wvc-row--><div  data-font-color=\"dark\" class=\"wvc-clearfix  wvc-row wvc-parent-row wvc-row-width-wide wvc-row-layout-column wvc-video-bg-is-mute wvc-row-bg-effect-none wvc-row-bg-default wvc-font-dark wvc-border-color-none wvc-background-color-default wvc-row-content-placement-default wvc-row-columns-placement-default section\" style=\"\"><div class=\"wvc-row-wrapper wvc-row-wrapper-width-standard wvc-row-column-equal-height-no\" style=\"\"><div class=\"wvc-row-content\"><div class=\"wvc-columns-container\" style=\"\"><div id=\"wvc-col-9355\" class=\"wvc-col-6 wvc-column wvc-column-content-placement-default wvc-column-content-type-default wvc-column-content-alignment-center wvc-column-text-alignment-default\" data-base-width-int=\"6\" style=\"\" data-aos=\"fade-up\" data-aos-once=\"true\"><div class=\"wvc-column-container wvc-column-bg-default wvc-column-bg-effect-none wvc-font-inherit wvc-column-font-inherit wvc-column-style-none wvc-border-color-none wvc-background-color-default\" style=\"\"><div class=\"wvc-column-inner\"><div class=\"wvc-column-wrapper wpb_wrapper\" style=\"\"><div class=\"wvc-custom-heading wvc-element wvc-text-align-center\" style=\"\"><h2 style=\"font-size:25px;text-align:center;line-height:1.5;\" class=\"wvc-mobile-text-align- wvc-text-color-default\"\n\t\tdata-heading-text=\"EU4 (2011)\"\n\t\tdata-max-font-size=\"25\"\n\t\tdata-min-font-size=\"18\">EU4 (2011)<\/h2><\/div><div class=\"wvc-single-image-alignement-center wvc-single-image-shape-default wvc-element\" style=\"\"><figure class=\"wvc-mobile-text-align- wvc-single-image wvc-single-image-overlay- wvc-single-image-hover-effect-default wvc-single-image-border- wvc-single-image-shadow- wvc-single-image-add-caption-\" style=\"opacity:1;\"><span class=\"wvc-img wvc-img-hover-effect-default\"><img loading=\"lazy\" decoding=\"async\" width=\"300\" height=\"200\" src=\"https:\/\/old.peterlipa.com\/wp-content\/uploads\/2021\/03\/biografia_892e4c6d0d338d4a.jpg\" class=\"\" alt=\"\" \/><\/span><\/figure><\/div><div class=\"wvc-text-block wvc-clearfix wvc-element wvc-mobile-text-align-\" style=\"\"><div class=\"wbp_wrapper\"><p>This is the latest international formation, started by Peter Lipa. Starring austrian hammond player Raphael Wressnig, italian guitarist Ruggero Robin and hungarian drummer Tamas Berdisz. The group played the premiere concerts in Slovakia. The idea is to play concerts in the home countries of the members of EU4.<\/p>\n<\/div><!--.wbp_wrapper--><\/div><!--.wvc-text-block--><\/div><!--.wvc-column-wrapper--><\/div><!--.wvc-column-inner--><\/div><!--.wvc-column-container--><\/div><!--.wvc-column--><div id=\"wvc-col-5407\" class=\"wvc-col-6 wvc-column wvc-column-content-placement-default wvc-column-content-type-default wvc-column-content-alignment-center wvc-column-text-alignment-default\" data-base-width-int=\"6\" style=\"\" data-aos=\"fade-up\" data-aos-once=\"true\"><div class=\"wvc-column-container wvc-column-bg-default wvc-column-bg-effect-none wvc-font-inherit wvc-column-font-inherit wvc-column-style-none wvc-border-color-none wvc-background-color-default\" style=\"\"><div class=\"wvc-column-inner\"><div class=\"wvc-column-wrapper wpb_wrapper\" style=\"\"><div class=\"wvc-custom-heading wvc-element wvc-text-align-center\" style=\"\"><h2 style=\"font-size:25px;text-align:center;line-height:1.5;\" class=\"wvc-mobile-text-align- wvc-text-color-default\"\n\t\tdata-heading-text=\"Moment\u00e1lne zlo\u017eenie Peter Lipa Band\"\n\t\tdata-max-font-size=\"25\"\n\t\tdata-min-font-size=\"18\">Moment\u00e1lne zlo\u017eenie Peter Lipa Band<\/h2><\/div><div class=\"wvc-single-image-alignement-center wvc-single-image-shape-default wvc-element\" style=\"\"><figure class=\"wvc-mobile-text-align- wvc-single-image wvc-single-image-overlay- wvc-single-image-hover-effect-default wvc-single-image-border- wvc-single-image-shadow- wvc-single-image-add-caption-\" style=\"opacity:1;\"><span class=\"wvc-img wvc-img-hover-effect-default\"><img loading=\"lazy\" decoding=\"async\" width=\"300\" height=\"200\" src=\"https:\/\/old.peterlipa.com\/wp-content\/uploads\/2021\/03\/peter-lipa-band-foto-1-300x200.jpg\" class=\"\" alt=\"\" srcset=\"https:\/\/old.peterlipa.com\/wp-content\/uploads\/2021\/03\/peter-lipa-band-foto-1-300x200.jpg 300w, https:\/\/old.peterlipa.com\/wp-content\/uploads\/2021\/03\/peter-lipa-band-foto-1-1024x682.jpg 1024w, https:\/\/old.peterlipa.com\/wp-content\/uploads\/2021\/03\/peter-lipa-band-foto-1-768x511.jpg 768w, https:\/\/old.peterlipa.com\/wp-content\/uploads\/2021\/03\/peter-lipa-band-foto-1-1536x1022.jpg 1536w, https:\/\/old.peterlipa.com\/wp-content\/uploads\/2021\/03\/peter-lipa-band-foto-1-856x570.jpg 856w, https:\/\/old.peterlipa.com\/wp-content\/uploads\/2021\/03\/peter-lipa-band-foto-1-500x333.jpg 500w, https:\/\/old.peterlipa.com\/wp-content\/uploads\/2021\/03\/peter-lipa-band-foto-1-550x366.jpg 550w, https:\/\/old.peterlipa.com\/wp-content\/uploads\/2021\/03\/peter-lipa-band-foto-1-700x466.jpg 700w, https:\/\/old.peterlipa.com\/wp-content\/uploads\/2021\/03\/peter-lipa-band-foto-1-400x266.jpg 400w, https:\/\/old.peterlipa.com\/wp-content\/uploads\/2021\/03\/peter-lipa-band-foto-1-1000x666.jpg 1000w, https:\/\/old.peterlipa.com\/wp-content\/uploads\/2021\/03\/peter-lipa-band-foto-1.jpg 1920w\" sizes=\"auto, (max-width: 300px) 100vw, 300px\" \/><\/span><\/figure><\/div><div class=\"wvc-text-block wvc-clearfix wvc-element wvc-mobile-text-align-center\" style=\"\"><div class=\"wbp_wrapper\"><p class=\"v1MsoNormal\" style=\"text-align: left\">Peter Lipa jr. - Keyboard<br \/>\nRadovan Tari\u0161ka - saxophone<br \/>\nMichal \u0160imko - bass<br \/>\nMichal Fedor - drums<\/p>\n<\/div><!--.wbp_wrapper--><\/div><!--.wvc-text-block--><\/div><!--.wvc-column-wrapper--><\/div><!--.wvc-column-inner--><\/div><!--.wvc-column-container--><\/div><!--.wvc-column--><\/div><!--.wvc-columns-container--><\/div><!--.wvc-row-content--><\/div><!--.wvc-row-wrapper--><\/div><!--.wvc-row--><div  data-font-color=\"dark\" class=\"wvc-clearfix  wvc-row wvc-parent-row wvc-row-width-wide wvc-row-layout-column wvc-video-bg-is-mute wvc-row-bg-effect-none wvc-row-bg-default wvc-font-dark wvc-border-color-none wvc-background-color-default wvc-row-content-placement-default wvc-row-columns-placement-default section\" style=\"\"><div class=\"wvc-row-wrapper wvc-row-wrapper-width-standard wvc-row-column-equal-height-no\" style=\"\"><div class=\"wvc-row-content\"><div class=\"wvc-columns-container\" style=\"\"><div id=\"wvc-col-8351\" class=\"wvc-col-12 wvc-column wvc-column-content-placement-default wvc-column-content-type-default wvc-column-content-alignment-center wvc-column-text-alignment-default\" data-base-width-int=\"12\" style=\"\" data-aos=\"fade-up\" data-aos-once=\"true\"><div class=\"wvc-column-container wvc-column-bg-default wvc-column-bg-effect-none wvc-font-inherit wvc-column-font-inherit wvc-column-style-none wvc-border-color-none wvc-background-color-default\" style=\"\"><div class=\"wvc-column-inner\"><div class=\"wvc-column-wrapper wpb_wrapper\" style=\"\"><\/div><!--.wvc-column-wrapper--><\/div><!--.wvc-column-inner--><\/div><!--.wvc-column-container--><\/div><!--.wvc-column--><\/div><!--.wvc-columns-container--><\/div><!--.wvc-row-content--><\/div><!--.wvc-row-wrapper--><\/div><!--.wvc-row--><div  data-font-color=\"dark\" class=\"wvc-clearfix  wvc-row wvc-parent-row wvc-row-width-wide wvc-row-layout-column wvc-video-bg-is-mute wvc-row-bg-effect-none wvc-row-bg-default wvc-font-dark wvc-border-color-none wvc-background-color-default wvc-row-content-placement-default wvc-row-columns-placement-default section\" style=\"\"><div class=\"wvc-row-wrapper wvc-row-wrapper-width-standard wvc-row-column-equal-height-no\" style=\"\"><div class=\"wvc-row-content\"><div class=\"wvc-columns-container\" style=\"\"><div id=\"wvc-col-5433\" class=\"wvc-col-12 wvc-column wvc-column-content-placement-default wvc-column-content-type-default wvc-column-content-alignment-center wvc-column-text-alignment-default\" data-base-width-int=\"12\" style=\"\"><div class=\"wvc-column-container wvc-column-bg-default wvc-column-bg-effect-none wvc-font-inherit wvc-column-font-inherit wvc-column-style-none wvc-border-color-none wvc-background-color-default\" style=\"\"><div class=\"wvc-column-inner\"><div class=\"wvc-column-wrapper wpb_wrapper\" style=\"\"><div class=\"vc_empty_space\"   style=\"height: 30px\" ><span class=\"vc_empty_space_inner\"><\/span><\/div><\/div><!--.wvc-column-wrapper--><\/div><!--.wvc-column-inner--><\/div><!--.wvc-column-container--><\/div><!--.wvc-column--><\/div><!--.wvc-columns-container--><\/div><!--.wvc-row-content--><\/div><!--.wvc-row-wrapper--><\/div><!--.wvc-row--><\/p>","protected":false},"excerpt":{"rendered":"Peter LipaJazz &amp; Blues spev\u00e1kPeter Lipa je najv\u00fdznamnej\u0161iaosobnos\u0165\u00a0slovenskej jazzovej sc\u00e9ny. Vytvoril osobit\u00fd vok\u00e1lny prejav s\u00a0d\u00f4razom na\u00a0text. Jeho hudba vych\u00e1dza zo\u00a0spojenia jazzu a\u00a0blues. Vyu\u017e\u00edva v\u00fdhodu spev\u00e1kov, ktor\u00ed okrem hudobn\u00e9ho materi\u00e1lu, teda t\u00f3nov, harm\u00f3nie a\u00a0rytmu, m\u00f4\u017eu publikum oslovi\u0165 aj textom. Ako prv\u00fd spev\u00e1k na\u00a0Slovensku uplat\u0148uje v\u00a0jazzovej hudbe sloven\u010dinu. Vych\u00e1dza z\u00a0rytmick\u00fdch mo\u017enost\u00ed textu a\u00a0pren\u00e1\u0161a ich do hudobn\u00e9ho prejavu....<p><a rel=\"bookmark\" class=\"theme-button-text wvc-button wvc-button-size-xs\" href=\"https:\/\/old.peterlipa.com\/en\/biografia\/\"><small class=\"wvc-button-background-fill\"><\/small><span>Continue reading<\/span><\/a><\/p>","protected":false},"author":1,"featured_media":11007,"parent":0,"menu_order":0,"comment_status":"closed","ping_status":"closed","template":"","meta":{"footnotes":""},"class_list":["post-8553","page","type-page","status-publish","has-post-thumbnail","hentry","entry","clearfix","entry-grid","entry-columns-default","entry-page-module-layout-standard","thumbnail-color-tone-dark","entry-page","entry-page-grid"],"_links":{"self":[{"href":"https:\/\/old.peterlipa.com\/en\/wp-json\/wp\/v2\/pages\/8553","targetHints":{"allow":["GET"]}}],"collection":[{"href":"https:\/\/old.peterlipa.com\/en\/wp-json\/wp\/v2\/pages"}],"about":[{"href":"https:\/\/old.peterlipa.com\/en\/wp-json\/wp\/v2\/types\/page"}],"author":[{"embeddable":true,"href":"https:\/\/old.peterlipa.com\/en\/wp-json\/wp\/v2\/users\/1"}],"replies":[{"embeddable":true,"href":"https:\/\/old.peterlipa.com\/en\/wp-json\/wp\/v2\/comments?post=8553"}],"version-history":[{"count":26,"href":"https:\/\/old.peterlipa.com\/en\/wp-json\/wp\/v2\/pages\/8553\/revisions"}],"predecessor-version":[{"id":11246,"href":"https:\/\/old.peterlipa.com\/en\/wp-json\/wp\/v2\/pages\/8553\/revisions\/11246"}],"wp:featuredmedia":[{"embeddable":true,"href":"https:\/\/old.peterlipa.com\/en\/wp-json\/wp\/v2\/media\/11007"}],"wp:attachment":[{"href":"https:\/\/old.peterlipa.com\/en\/wp-json\/wp\/v2\/media?parent=8553"}],"curies":[{"name":"wp","href":"https:\/\/api.w.org\/{rel}","templated":true}]}}